{"id":2,"date":"2018-05-15T19:35:39","date_gmt":"2018-05-15T19:35:39","guid":{"rendered":"http:\/\/salonduregard.com\/?page_id=2"},"modified":"2018-05-28T10:51:05","modified_gmt":"2018-05-28T10:51:05","slug":"formation","status":"publish","type":"page","link":"https:\/\/salonduregard.com\/75011\/formation\/","title":{"rendered":"Formation"},"content":{"rendered":"<div id=\"attachment_154\" style=\"width: 215px\" class=\"wp-caption alignright\"><img aria-describedby=\"caption-attachment-154\" loading=\"lazy\" class=\" wp-image-154\" src=\"http:\/\/salonduregard.com\/wp-content\/uploads\/2018\/05\/people_1-e1526893464383.jpg\" alt=\"\" width=\"205\" height=\"227\" \/><p id=\"caption-attachment-154\" class=\"wp-caption-text\">Nadejda Blosenco<\/p><\/div>\n<h3 style=\"text-align: left;\">Formation Extension de cils<\/h3>\n<p><strong>Th\u00e9orie<\/strong><\/p>\n<ol>\n<li>Introduction<\/li>\n<li>Histoire d\u2019extension de cils<\/li>\n<li>Mat\u00e9riel et instruments<\/li>\n<li>M\u00e9thodes d\u2019extensions de cils<\/li>\n<li>Formes d\u2019extension de cils<\/li>\n<li>Retouche et remplissage<\/li>\n<li>D\u00e9pose d\u2019extension de cils<\/li>\n<\/ol>\n<h3>Extension de cils Cil \u00e0 cil classique (2 jours)<\/h3>\n<p><strong>1 journ\u00e9e:<\/strong><\/p>\n<ol>\n<li>Th\u00e9orie<\/li>\n<li>Pratique sur mannequin<\/li>\n<\/ol>\n<p><strong>2 journ\u00e9e:<\/strong><\/p>\n<ol>\n<li>Th\u00e9orie<\/li>\n<li>Pratique sur mod\u00e8le<\/li>\n<\/ol>\n<h3>Extensions Volume Russe 2D et 3D<\/h3>\n<p><strong>1 journ\u00e9e:<\/strong><\/p>\n<ol>\n<li>Th\u00e9orie<\/li>\n<li>Technique de formation d\u2019un bouquet de cils<\/li>\n<li>Pratique sur mannequin<\/li>\n<\/ol>\n<p><strong>2 journ\u00e9e:<\/strong><\/p>\n<ol>\n<li>Th\u00e9orie<\/li>\n<li>Pratique sur mod\u00e8le<\/li>\n<\/ol>\n<div class=\"mceTemp\"><\/div>\n","protected":false},"excerpt":{"rendered":"<p>Formation Extension de cils Th\u00e9orie Introduction Histoire d\u2019extension de cils Mat\u00e9riel et instruments M\u00e9thodes d\u2019extensions de cils Formes d\u2019extension de cils Retouche et remplissage D\u00e9pose d\u2019extension de cils Extension de cils Cil \u00e0 cil classique (2 jours) 1 journ\u00e9e: Th\u00e9orie Pratique sur mannequin 2 journ\u00e9e: Th\u00e9orie Pratique sur mod\u00e8le Extensions Volume Russe 2D et 3D [&hellip;]<\/p>\n","protected":false},"author":1,"featured_media":0,"parent":0,"menu_order":0,"comment_status":"closed","ping_status":"open","template":"","meta":[],"_links":{"self":[{"href":"https:\/\/salonduregard.com\/75011\/wp-json\/wp\/v2\/pages\/2"}],"collection":[{"href":"https:\/\/salonduregard.com\/75011\/wp-json\/wp\/v2\/pages"}],"about":[{"href":"https:\/\/salonduregard.com\/75011\/wp-json\/wp\/v2\/types\/page"}],"author":[{"embeddable":true,"href":"https:\/\/salonduregard.com\/75011\/wp-json\/wp\/v2\/users\/1"}],"replies":[{"embeddable":true,"href":"https:\/\/salonduregard.com\/75011\/wp-json\/wp\/v2\/comments?post=2"}],"version-history":[{"count":10,"href":"https:\/\/salonduregard.com\/75011\/wp-json\/wp\/v2\/pages\/2\/revisions"}],"predecessor-version":[{"id":204,"href":"https:\/\/salonduregard.com\/75011\/wp-json\/wp\/v2\/pages\/2\/revisions\/204"}],"wp:attachment":[{"href":"https:\/\/salonduregard.com\/75011\/wp-json\/wp\/v2\/media?parent=2"}],"curies":[{"name":"wp","href":"https:\/\/api.w.org\/{rel}","templated":true}]}}